{"id":1502,"date":"2023-05-18T16:01:44","date_gmt":"2023-05-18T14:01:44","guid":{"rendered":"https:\/\/www.konvergencie.sk\/shop\/?post_type=product&#038;p=1502"},"modified":"2025-12-07T14:07:14","modified_gmt":"2025-12-07T13:07:14","slug":"erno-dohnanyi-chamber-music","status":"publish","type":"product","link":"https:\/\/www.konvergencie.sk\/shop\/produkt\/erno-dohnanyi-chamber-music\/","title":{"rendered":"Ern\u0151 Dohn\u00e1nyi Chamber Music"},"content":{"rendered":"<p><strong>Viac o titule<\/strong><\/p>\n<p>Konvergencie sa vo svojej ed\u00edci Konvergencie LIVE venuj\u00fa skladb\u00e1m z\u00a0festivalov\u00fdch vyst\u00fapen\u00ed, ktor\u00e9 v\u010faka kombin\u00e1cii interpreta\u010dn\u00fdch kval\u00edt, reperto\u00e1rov\u00fdch \u0161pecif\u00edk a\u00a0spracovania zvukov\u00e9ho z\u00e1znamu propaguj\u00fa nielen zauj\u00edmav\u00e9 diela, ale tie\u017e reprezentuj\u00fa slovensk\u00e9 interpreta\u010dn\u00e9 umenie. Klav\u00edrny virtu\u00f3z, dirigent a skladate\u013e <strong>Ern\u0151 Dohn\u00e1nyi<\/strong> (27. 7. 1877, Bratislava \u2013 9. 2. 1960, New York) patr\u00ed k\u00a0najv\u00fdznamnej\u0161\u00edm i\u00a0najzauj\u00edmavej\u0161\u00edm osobnostiam dej\u00edn hudobnej kult\u00fary, ktor\u00fdch osudy sa via\u017eu k\u00a0dne\u0161nej Bratislave. S Bart\u00f3kom a\u00a0Alexandrom Albrechtom Dohn\u00e1nyiho sp\u00e1ja tohto hudobn\u00edka nielen \u0161t\u00fadium na Kr\u00e1\u013eovskom uhorskom katol\u00edckom gymn\u00e1ziu v\u00a0Bratislave, ale\u00a0aj na Hudobnej akad\u00e9mii Ferenca Liszta v\u00a0Budape\u0161ti, ktor\u00fa nesk\u00f4r viedol ako riadite\u013e. Dohn\u00e1nyiho tvorba, v\u00a0ktorej sa stret\u00e1vaj\u00fa hudobn\u00e9 trad\u00edcie neskor\u00e9ho romantizmu s\u00a0modernou a\u00a0pr\u00edle\u017eitostn\u00fdm \u201euhorsk\u00fdm koloritom\u201c, je na Slovensku st\u00e1le zriedkavo uv\u00e1dzan\u00e1, e\u0161te zriedkavej\u0161ie nahr\u00e1van\u00e1 a\u00a0vo v\u0161eobecnosti m\u00e1lo zn\u00e1ma. Festival Konvergencie uviedol doposia\u013e tri z\u00e1sadn\u00e9 komorn\u00e9 opusy skladate\u013ea: raritn\u00e9 <em>Sexteto, op. 37<\/em> pre klarinet, lesn\u00fd roh, husle, violu, violon\u010delo a\u00a0klav\u00edr (1935) a\u00a0obidve klav\u00edrne kvintet\u00e1 c mol, op. 1 (1895) a\u00a0es mol, op. 26 (1914). Na tomto albume v\u00e1m prin\u00e1\u0161ame <em>Sexteto C dur, op. 37<\/em> z roku 2010 v\u00a0podan\u00ed medzin\u00e1rodn\u00e9ho zoskupenia v\u00fdnimo\u010dn\u00fdch interpretov: R. \u0160ebesta \u2013 klarinet, M. Nov\u00e1k \u2013 lesn\u00fd roh, I. Kar\u0161ko \u2013 husle, V. Mendelssohn \u2013 viola, J. Lupt\u00e1k \u2013 violon\u010delo a M. Skuta \u2013 klav\u00edr. Dramaturgiu albumu dop\u013a\u0148a <em>Seren\u00e1da C dur pre sl\u00e1\u010dikov\u00e9 trio, op. 10.<\/em> (Igor Kar\u0161ko \u2013 husle, Simon Tandree \u2013 viola, Jozef Lupt\u00e1k \u2013 violon\u010delo).<\/p>\n<hr \/>\n<p><strong>Album obsahuje:<\/strong>\u00a0hudobn\u00e9 <u>CD<\/u>, booklet, k\u00f3d na stiahnutie audios\u00faborov<\/p>\n<p><strong>Vydavate\u013e:<\/strong> Konvergencie, 2022<\/p>\n<p><strong>Ed\u00edcia:<\/strong> Konvergencie LIVE<\/p>\n<p><strong>SOZA &#8211; BIEM:<\/strong> 1749-011-2<\/p>\n<p><strong>EAN:<\/strong> 8588006338096<\/p>\n<p><strong>nahr\u00e1vka \/ recording engineer:<\/strong> Roman La\u0161\u010diak<\/p>\n<p><strong>mix &amp; mastering:<\/strong> Martin \u010cema \/ Jozef Lupt\u00e1k<\/p>\n<hr \/>\n<p><strong>Zoznam skladieb<\/strong><\/p>\n<p><strong>Ern\u0151 DOHN\u00c1NYI<\/strong> (1877 \u2013 1960)<\/p>\n<p><strong>Seren\u00e1da C dur pre sl\u00e1\u010dikov\u00e9 trio op. 10<\/strong> (1902) \/\u00a0 <strong>Serenade in C Major Op. 10<\/strong><\/p>\n<p>I. Marcia. Allegro 2\u201911\u2019\u2019<br \/>\nII. Romanza. Adagio non troppo, quasi andante 3\u201843\u2018\u2018<br \/>\nIII. Scherzo. Vivace\u00a0 4\u201825\u2018\u2018<br \/>\nIV. Tema con variazioni. Andante con moto 5\u201854\u2018\u2018<br \/>\nV. Finale. Rondo 4\u201843\u2018\u2018<\/p>\n<p><strong>Igor Kar\u0161ko <\/strong>(SK\/CH)\u00a0 husle\/<em>violin<\/em><\/p>\n<p><strong>Simon Tandree<\/strong> (UK) viola\/<em>viola<\/em><\/p>\n<p><strong>Jozef Lupt\u00e1k<\/strong>\u00a0 violon\u010delo\/<em>cello<\/em><\/p>\n<p>nahr\u00e1vka z\u00a0koncertu 18. 9. 2005 v\u00a0koncertnej sieni Klarisky po\u010das 6. ro\u010dn\u00edka medzin\u00e1rodn\u00e9ho festivalu komornej hudby Konvergencie<\/p>\n<hr \/>\n<p><strong>Ern\u00f6 DOHN\u00c1NYI<\/strong>\u00a0 (1877 \u2013 1960)<\/p>\n<p><strong>Sexteto pre klav\u00edr, husle, violu, violon\u010delo, klarinet a lesn\u00fd roh C dur op. 37 \/\u00a0<\/strong><strong>Sextet in C Major Op. 37<\/strong><\/p>\n<p>I. Allegro appassionato 11\u201829\u2018\u2018<br \/>\nII. Intermezzo 5\u201839\u2018\u2018<br \/>\nIII. Allegro con sentimento\u00a0 3\u201842\u2018\u2018<br \/>\nIV. Finale: Allegro vivace, giocoso 9\u201833\u2018\u2018<\/p>\n<p><strong>Ronald \u0160ebesta<\/strong>\u00a0 klarinet\/<em>clarinet<\/em><\/p>\n<p><strong>Martin Nov\u00e1k<\/strong>\u00a0 (CZ)\u00a0 lesn\u00fd roh\/<em>French horn<\/em><\/p>\n<p><strong>Igor Kar\u0161ko<\/strong>\u00a0 (SK\/CH)\u00a0 husle\/<em>violin<\/em><\/p>\n<p><strong>Vladimir Mendelssohn<\/strong> (NL)\u00a0 viola\/<em>viola<\/em><\/p>\n<p><strong>Jozef Lupt\u00e1k<\/strong>\u00a0 violon\u010delo\/<em>cello<\/em><\/p>\n<p><strong>Miki Skuta<\/strong>\u00a0 klav\u00edr\/<em>piano<\/em><\/p>\n<hr \/>\n<p>nahr\u00e1vka z\u00a0koncertu 26. 9. 2010 v design factory po\u010das\u00a011. ro\u010dn\u00edka medzin\u00e1rodn\u00e9ho festivalu komornej hudby Konvergencie<\/p>\n","protected":false},"excerpt":{"rendered":"<p>(CD, hudba)<\/p>\n<p><strong><u>Konvergencie LIVE<\/u><\/strong><\/p>\n<p>nahr\u00e1vky z\u00a0koncertov 18. 9. 2005 v\u00a0koncertnej sieni Klarisky a\u00a026. 9. 2010 v design factory po\u010das 6. a\u00a011. ro\u010dn\u00edka medzin\u00e1rodn\u00e9ho festivalu komornej hudby Konvergencie<\/p>\n","protected":false},"featured_media":1976,"template":"","meta":[],"product_brand":[],"product_cat":[16],"product_tag":[],"class_list":{"0":"post-1502","1":"product","2":"type-product","3":"status-publish","4":"has-post-thumbnail","6":"product_cat-cd","8":"first","9":"instock","10":"shipping-taxable","11":"purchasable","12":"product-type-simple"},"supplier_id":null,"supplier_sku":"","barcode":null,"atum_controlled":true,"out_stock_date":null,"out_stock_threshold":null,"inheritable":false,"inbound_stock":0,"stock_on_hold":0,"sold_today":0,"sales_last_days":0,"reserved_stock":0,"customer_returns":0,"warehouse_damage":0,"lost_in_post":0,"other_logs":0,"out_stock_days":0,"lost_sales":0,"has_location":false,"update_date":"2026-04-28T23:23:53","atum_locations":[],"atum_stock_status":"instock","restock_status":false,"low_stock_amount":0,"sales_update_date":"2026-04-28T23:23:53","calc_backorders":null,"_links":{"self":[{"href":"https:\/\/www.konvergencie.sk\/shop\/wp-json\/wp\/v2\/product\/1502","targetHints":{"allow":["GET"]}}],"collection":[{"href":"https:\/\/www.konvergencie.sk\/shop\/wp-json\/wp\/v2\/product"}],"about":[{"href":"https:\/\/www.konvergencie.sk\/shop\/wp-json\/wp\/v2\/types\/product"}],"wp:featuredmedia":[{"embeddable":true,"href":"https:\/\/www.konvergencie.sk\/shop\/wp-json\/wp\/v2\/media\/1976"}],"wp:attachment":[{"href":"https:\/\/www.konvergencie.sk\/shop\/wp-json\/wp\/v2\/media?parent=1502"}],"wp:term":[{"taxonomy":"product_brand","embeddable":true,"href":"https:\/\/www.konvergencie.sk\/shop\/wp-json\/wp\/v2\/product_brand?post=1502"},{"taxonomy":"product_cat","embeddable":true,"href":"https:\/\/www.konvergencie.sk\/shop\/wp-json\/wp\/v2\/product_cat?post=1502"},{"taxonomy":"product_tag","embeddable":true,"href":"https:\/\/www.konvergencie.sk\/shop\/wp-json\/wp\/v2\/product_tag?post=1502"}],"curies":[{"name":"wp","href":"https:\/\/api.w.org\/{rel}","templated":true}]}}