{"id":2306,"date":"2026-03-20T16:05:17","date_gmt":"2026-03-20T15:05:17","guid":{"rendered":"https:\/\/www.konvergencie.sk\/shop\/?post_type=product&#038;p=2306"},"modified":"2026-04-28T12:37:22","modified_gmt":"2026-04-28T10:37:22","slug":"vladimir-godar-live_2","status":"publish","type":"product","link":"https:\/\/www.konvergencie.sk\/shop\/de\/produkt\/vladimir-godar-live_2\/","title":{"rendered":"Vladim\u00edr God\u00e1r: Live at Konvergencie Festival 2005-2025 (CD, Musik)"},"content":{"rendered":"<p><em><strong>\u201eKunst soll den Bereich der menschlichen Unabh\u00e4ngigkeit und Freiheit erweitern.\u201c<\/strong><\/em><\/p>\n<p><strong>Vladim\u00edr God\u00e1r<\/strong><\/p>\n<hr \/>\n<p>Die CD ist eine Zusammenstellung, die mehr als zwanzig Jahre Zusammenarbeit zwischen dem Konvergencie-Festival und Vladim\u00edr God\u00e1r und umfasst und anl\u00e4sslich des Jubil\u00e4ums des Komponisten ver\u00f6ffentlicht wurde.<\/p>\n<p>Meine erste Begegnung mit der Musik von Vlado God\u00e1r fand bereits Ende der 1980er Jahre statt. Sie faszinierte mich w\u00e4hrend meiner Studienzeit zutiefst, und schon damals sp\u00fcrte ich, dass ich sie \u00f6fter spielen wollte. Sp\u00e4ter lernte ich Vlado kennen, und aus unserer Zusammenarbeit entstanden mehrere Alben (Kammermusik, Musik f\u00fcr Cello, Daria\u010dangin sad) sowie zahlreiche Konzertprogramme, die nicht nur seine Kompositionen, sondern auch Werke enthielten, die ich dank ihm entdeckt hatte. Zusammen mit Vlado, Peter Biely, Ivana Prista\u0161ov\u00e1 und Peter \u0160est\u00e1k gr\u00fcndeten wir einst das Albrecht-Quartett, und zwar direkt im Haus des legend\u00e4ren Hans Albrecht, dem Albrecht-Haus. Meine pers\u00f6nliche Verbindung zu Vlados Musik entwickelte sich nach und nach, vor allem als er *O Crux* komponierte \u2013 eine Meditation f\u00fcr Solo-Cello, die er mir widmete. Ich habe das Werk uraufgef\u00fchrt, es mehrmals aufgenommen und unz\u00e4hlige Male in Konzerten von den USA \u00fcber London bis nach Neuseeland aufgef\u00fchrt. Nach Bachs Suiten ist es das am h\u00e4ufigsten gespielte St\u00fcck bei meinen Solokonzerten. Ich f\u00fchle mich nach wie vor zu Vlados fr\u00fchen Werken hingezogen und glaube, dass ihre Ausdruckskraft zeitlos ist.\u00a0Die Reaktionen des Publikums auf seine \u201eSonate zum Gedenken an Viktor Shklovsky\u201c waren oft so emotional, dass es mich \u00fcberraschte. Seine Musik hat auch bei ausl\u00e4ndischen Interpreten Bewunderer gefunden, darunter mein Freund Robert Cohen, Musiker des Hilliard Ensembles und des Ensemble Corund, die Sie auf dieser CD h\u00f6ren k\u00f6nnen. Ich bewundere Vlado nicht nur als Komponisten, sondern auch als Autor wichtiger Schriften \u00fcber Musik und Gesellschaft. Bei Konvergencie bereiten wir unser drittes Konzert zu Ehren seines Jubil\u00e4ums vor, diesmal anl\u00e4sslich seines 70. Geburtstags. Wie k\u00f6nnte es auch anders sein? Schlie\u00dflich ist er der am h\u00e4ufigsten gespielte slowakische Komponist bei Konvergencie sowie bei meinen eigenen Konzerten. Ich bin erfreut und dankbar, dass er selbst auf die Idee gekommen ist, die beim Festival aufgef\u00fchrten Werke zu ver\u00f6ffentlichen. Sie halten eine Aufnahme in den H\u00e4nden, die zwei Jahrzehnte unserer Zusammenarbeit dokumentiert, und ich glaube, diese \u201eZeitkapsel\u201c wird Sie genauso ansprechen, wie sie mich angesprochen hat. Ich freue mich sehr, dass Vlado immer noch komponiert und durch seine Musik etwas zu sagen hat.<\/p>\n<p>Jozef Lupt\u00e1k<\/p>\n<hr \/>\n<p><strong>Tracklist<\/strong><\/p>\n<p><strong>Vladim\u00edr GOD\u00c1R<\/strong> (1956)<\/p>\n<p>01\u2003<strong>Variations on a Slovak Folk Song for two cellos<\/strong> (2006)<\/p>\n<p>Robert Cohen<sup> UK<\/sup>,\u00a0 <em>Cello<\/em><br \/>\nJozef Lupt\u00e1k, <em>Cello<\/em><\/p>\n<p>Primate\u2019s Palace, Bratislava, 12.\u20069.\u20062021<\/p>\n<p>02\u2003<strong>Dormi Jesu for mixed choir, cello and harp <\/strong>(2008)<\/p>\n<p>Ensemble Corund <sup>CH<\/sup> \/ Stephen Smith, C<em>onductor<\/em><br \/>\nJozef Lupt\u00e1k, <em>Cello<\/em><br \/>\nMichal Matej\u010d\u00edk, <em>Harfe<\/em><\/p>\n<p>St.\u2006Martin\u2019s Cathedral, Bratislava, 15.\u20069.\u20062013<\/p>\n<p>03\u2003<strong>Sweet and Low for mixed choir and strings <\/strong>(2009)<\/p>\n<p>Songtext: A. Tennyson<\/p>\n<p>Ensemble Corund<sup> CH<\/sup> \/ Stephen Smith, C<em>onductor<\/em><br \/>\nIgor Kar\u0161ko, Milan Pa\u013ea, <em>Violine<\/em><br \/>\nJozef Lupt\u00e1k, <em>Cello<\/em><br \/>\nPeter Jur\u010denko, <em>Kontrabass<\/em><\/p>\n<p>St.\u2006Martin\u2019s Cathedral, Bratislava, 15.\u20069.\u20062013<\/p>\n<p>04\u2003<strong>Passacaglia for solo cello <\/strong>(2006\/rev. 2008)<\/p>\n<p>Jozef Lupt\u00e1k, <em>Cello<\/em><\/p>\n<p>Moyzes Hall, Bratislava, 24. 3. 2025<\/p>\n<p>05\u2003<strong>Autumn Meditation for string quartet <\/strong>(1979)<\/p>\n<p>Igor Kar\u0161ko, Jana Kar\u0161kov\u00e1, <em>Violine<\/em><br \/>\nSimon Tandree<sup>\u2005uk<\/sup>\u2002, <em>Viola<\/em><br \/>\nJozef Lupt\u00e1k, <em>Cello<\/em><\/p>\n<p>Design Factory, Bratislava, 17.\u20069.\u20062006<\/p>\n<p>06\u2003<strong>A Lullaby with Mr. Mozart for soprano and piano trio <\/strong>(1985\/2005)<\/p>\n<p>Songtext: Jan Sk\u00e1cel<\/p>\n<p>Eva \u0160u\u0161kov\u00e1, <em>Sopran<\/em><br \/>\nPeter Hamar, <em>Violine<\/em><br \/>\nJozef Lupt\u00e1k, <em>Cello<\/em><br \/>\nVladim\u00edr God\u00e1r, <em>Piano<\/em><\/p>\n<p>Klarisky Concert Hall, Bratislava, 19.\u20069.\u20062009<\/p>\n<p>07\u2003<strong>D\u00e9ploration sur la mort de Witold Lutos\u0142awski<\/strong> (1993)<\/p>\n<p>Igor Kar\u0161ko, Jana Kar\u0161kov\u00e1, <em>Violine<\/em><br \/>\nSimon Tandree<sup>\u2005uk<\/sup>\u2002 , <em>Viola<\/em><br \/>\nJozef Lupt\u00e1k, <em>Cello<\/em><br \/>\nNora Skuta, <em>Piano<\/em><\/p>\n<p>Design Factory, Bratislava, 17.\u20069.\u20062006<\/p>\n<p>8\u2003<strong>Bik\u00edt Gilgamesh Lament for bass and cello <\/strong>(1998)<\/p>\n<p>Peter Mikul\u00e1\u0161, <em>Bass<\/em><br \/>\nJozef Lupt\u00e1k, <em>Cello<\/em><\/p>\n<p>Klarisky Concert Hall, Bratislava, 12.\u20069.\u20062024<\/p>\n<p>09\u2003<strong>Ricercar for piano quartet <\/strong>(1977\/rev. 1996)<\/p>\n<p>Ivana Prista\u0161ov\u00e1, <em>Violine<\/em><br \/>\nSimon Tandree<sup> UK<\/sup>, <em>Viola<\/em><br \/>\nJozef Lupt\u00e1k, <em>Cello<\/em><br \/>\nNora Skuta, <em>Piano<\/em><\/p>\n<p>Klarisky Concert Hall, Bratislava, 15.\u20069.\u20062005<\/p>\n<p>10\u2003<strong>Pieta for cello<\/strong> (2025)<\/p>\n<p>Jozef Lupt\u00e1k, <em>Cello<\/em><\/p>\n<p>Moyzes Hall, Bratislava, 24.\u20063.\u20062025<\/p>\n<hr \/>\n<p><strong>Das Album enth\u00e4lt:<\/strong> eine CD und ein umfangreiches Booklet mit Texten von V. God\u00e1rs langj\u00e4hrigen Kollegen und Freunden \u2013 Jozef Lupt\u00e1k, Peter Breiner, Peter Zagar und Andrew Parrott \u2013 sowie einen Code zum Herunterladen der Musik im digitalen Format<\/p>\n<p><strong>Herausgeber:<\/strong> Konvergencie \u2013 Gesellschaft f\u00fcr Kammermusik, o.z. 2026<\/p>\n<p><strong>SOZA &#8211; BIEM:<\/strong> 1749-017-1<\/p>\n<p><strong>EAN:<\/strong> 8588006338164<\/p>\n<p>Live-Aufnahmen von Konzerten beim Internationalen Kammermusikfestival \u201eKonvergencie\u201c 2005\u20132025 in Bratislava \/ live aufgenommen beim Kammermusikfestival \u201eKonvergencie\u201c in Bratislava 2005\u20132025<\/p>\n<p>Abmischung &amp; Mastering: Igor Baar \/ Jozef Lupt\u00e1k<\/p>\n<p>Begleittext: Vladim\u00edr God\u00e1r \/ Peter Breiner \/ Peter Zagar \/ Andrew Parrott \/ Jozef Lupt\u00e1k<\/p>\n<p>Redaktion des Booklets: Andrej \u0160uba \/ M\u00e1ria Boh\u00e1\u010dov\u00e1<\/p>\n<p>Korrekturlesen: M\u00e1ria Boh\u00e1\u010dov\u00e1 \/ M\u00e1ria Hejtm\u00e1nkov\u00e1<\/p>\n<p>\u00dcbersetzungen: John Minahane \/ Andrej \u0160uba<\/p>\n<p>Fotos: Jarmila Uhl\u00edkov\u00e1 \/ Daniela Meressa Rusnokov\u00e1<\/p>\n<p>Design &amp; Layout: Zuzana \u010c\u00ed\u010delov\u00e1<\/p>\n<p>Produktionsleitung: Lea Majer\u010d\u00e1kov\u00e1 \/ Konvergencie<\/p>\n<p>Ausf\u00fchrender Produzent: Jozef Lupt\u00e1k<\/p>\n<p>Besonderer Dank gilt Katar\u00edna God\u00e1rov\u00e1<\/p>\n<p>\u2117 \u00a9 Konvergencie 2026<\/p>\n","protected":false},"excerpt":{"rendered":"<p>Die CD ist eine Zusammenstellung, die mehr als zwanzig Jahre Zusammenarbeit zwischen dem Konvergencie-Festival und Vladim\u00edr God\u00e1r und umfasst und anl\u00e4sslich des Jubil\u00e4ums des Komponisten ver\u00f6ffentlicht wurde.<\/p>\n","protected":false},"featured_media":2307,"template":"","meta":[],"product_brand":[],"product_cat":[56],"product_tag":[],"class_list":{"0":"post-2306","1":"product","2":"type-product","3":"status-publish","4":"has-post-thumbnail","6":"product_cat-cd-de","8":"first","9":"instock","10":"shipping-taxable","11":"purchasable","12":"product-type-simple"},"supplier_id":null,"supplier_sku":"","barcode":null,"atum_controlled":true,"out_stock_date":null,"out_stock_threshold":null,"inheritable":false,"inbound_stock":null,"stock_on_hold":0,"sold_today":0,"sales_last_days":0,"reserved_stock":null,"customer_returns":null,"warehouse_damage":null,"lost_in_post":null,"other_logs":null,"out_stock_days":0,"lost_sales":0,"has_location":false,"update_date":"2026-04-28T23:23:54","atum_locations":[],"atum_stock_status":"instock","restock_status":false,"low_stock_amount":2,"sales_update_date":"2026-04-28T23:23:54","calc_backorders":0,"_links":{"self":[{"href":"https:\/\/www.konvergencie.sk\/shop\/wp-json\/wp\/v2\/product\/2306","targetHints":{"allow":["GET"]}}],"collection":[{"href":"https:\/\/www.konvergencie.sk\/shop\/wp-json\/wp\/v2\/product"}],"about":[{"href":"https:\/\/www.konvergencie.sk\/shop\/wp-json\/wp\/v2\/types\/product"}],"wp:featuredmedia":[{"embeddable":true,"href":"https:\/\/www.konvergencie.sk\/shop\/wp-json\/wp\/v2\/media\/2307"}],"wp:attachment":[{"href":"https:\/\/www.konvergencie.sk\/shop\/wp-json\/wp\/v2\/media?parent=2306"}],"wp:term":[{"taxonomy":"product_brand","embeddable":true,"href":"https:\/\/www.konvergencie.sk\/shop\/wp-json\/wp\/v2\/product_brand?post=2306"},{"taxonomy":"product_cat","embeddable":true,"href":"https:\/\/www.konvergencie.sk\/shop\/wp-json\/wp\/v2\/product_cat?post=2306"},{"taxonomy":"product_tag","embeddable":true,"href":"https:\/\/www.konvergencie.sk\/shop\/wp-json\/wp\/v2\/product_tag?post=2306"}],"curies":[{"name":"wp","href":"https:\/\/api.w.org\/{rel}","templated":true}]}}